{"version":"1.0","type":"rich","provider_name":"Article 27","provider_url":"https:\/\/wallonie.article27.be","title":"Le Micro Festival ouvre la saison des festivals 2026&nbsp;! ","author_name":"Aur\u00e9lie","width":"480","height":"295","url":"https:\/\/www.article27.be\/Le-Micro-Festival-ouvre-la-saison-des-festivals-2026","html":"\u003Ch4 class='title'\u003E\u003Ca href='https:\/\/www.article27.be\/Le-Micro-Festival-ouvre-la-saison-des-festivals-2026'\u003ELe Micro Festival ouvre la saison des festivals 2026&nbsp;! \u003C\/a\u003E\u003C\/h4\u003E\u003Cblockquote class='spip'\u003E\n\u003Cp\u003ELe Micro Festival ouvre la saison des festivals 2026&nbsp;! \n\u003Cbr class='autobr' \/\u003E\nLe Micro Festival lance sa premi\u00e8re \u00e9dition hivernale les 27 et 28 f\u00e9vrier 2026&nbsp;! \n\u003Cbr class='autobr' \/\u003E\nRendez-vous au Man\u00e8ge Fonck \u00e0 Li\u00e8ge pour d\u00e9couvrir un panel d\u2019artistes belges et internationaux, dans une ambiance unique et conviviale.\n\u003Cbr class='autobr' \/\u003E\nUn festival petit par la taille, mais \u00e9norme par l\u2019ambiance&nbsp;! \n\u003Cbr class='autobr' \/\u003E\nLieu&nbsp;: Man\u00e8ge Fonck - Rue Ransonnet 2 - 4000 Li\u00e8ge\n\u003Cbr class='autobr' \/\u003E\nTarif&nbsp;:   PASS 1 jour&nbsp;: 18,50 \u20ac  PASS 2 jours&nbsp;: 28,50\u20ac \n\u003Cbr class='autobr' \/\u003E\n\u26a0 R\u00e9servation obligatoire \u27a1 CLIQUEZ ICI pour&nbsp;(\u2026)\u003C\/p\u003E\n\u003C\/blockquote\u003E\n"}