{"version":"1.0","type":"rich","provider_name":"Article 27","provider_url":"https:\/\/wallonie.article27.be","title":"Festival La Nature - Inscriptions ouvertes&nbsp;! ","author_name":"Aur\u00e9lie","width":"480","height":"295","url":"https:\/\/www.article27.be\/Festival-La-Nature-Inscriptions-ouvertes","html":"\u003Ch4 class='title'\u003E\u003Ca href='https:\/\/www.article27.be\/Festival-La-Nature-Inscriptions-ouvertes'\u003EFestival La Nature - Inscriptions ouvertes&nbsp;! \u003C\/a\u003E\u003C\/h4\u003E\u003Cblockquote class='spip'\u003E\n\u003Cp\u003ELa Nature Festival renouvelle son partenariat pour 2026&nbsp;! Le festival est d\u00e9j\u00e0 sold out, mais un lot de places est disponible pour nous&nbsp;! \n\u003Cbr class='autobr' \/\u003E\nLa Nature est un festival confidentiel et intime nich\u00e9 au c\u0153ur de l\u2019Ardenne, se d\u00e9roulant autour du solstice d\u2019\u00e9t\u00e9. Au programme&nbsp;: de la musique, des installations artistiques, des performances, des conf\u00e9rences et des ateliers. \n\u003Cbr class='autobr' \/\u003E\nLieu&nbsp;:  Vielsalm\n\u003Cbr class='autobr' \/\u003E\nTarif&nbsp;:  PASS 2 jours&nbsp;: 55\u20ac PASS 4 jours&nbsp;: 75\u20ac  Camping&nbsp;: Inclus dans le PASS\n\u003Cbr class='autobr' \/\u003E\n\ud83d\udd34 Attention, \u00e2ge minimum&nbsp;: 18&nbsp;(\u2026)\u003C\/p\u003E\n\u003C\/blockquote\u003E\n"}